{"version":"1.0","provider_name":"Foyer Rural de Goetzenbruck","provider_url":"https:\/\/foyer-rural-goetzenbruck.fr\/wp","author_name":"marc romang","author_url":"https:\/\/foyer-rural-goetzenbruck.fr\/wp\/author\/marc_admin\/","title":"Reprise des activit\u00e9s en septembre ! - Foyer Rural de Goetzenbruck","type":"rich","width":600,"height":338,"html":"<blockquote class=\"wp-embedded-content\" data-secret=\"ieeHKOyFIp\"><a href=\"https:\/\/foyer-rural-goetzenbruck.fr\/wp\/reprise-des-activites-en-septembre\/\">Reprise des activit\u00e9s en septembre !<\/a><\/blockquote><iframe sandbox=\"allow-scripts\" security=\"restricted\" src=\"https:\/\/foyer-rural-goetzenbruck.fr\/wp\/reprise-des-activites-en-septembre\/embed\/#?secret=ieeHKOyFIp\" width=\"600\" height=\"338\" title=\"\u00ab\u00a0Reprise des activit\u00e9s en septembre !\u00a0\u00bb &#8212; Foyer Rural de Goetzenbruck\" data-secret=\"ieeHKOyFIp\" frameborder=\"0\" marginwidth=\"0\" marginheight=\"0\" scrolling=\"no\" class=\"wp-embedded-content\"><\/iframe><script type=\"text\/javascript\">\n\/* <![CDATA[ *\/\n\/*! This file is auto-generated *\/\n!function(d,l){\"use strict\";l.querySelector&&d.addEventListener&&\"undefined\"!=typeof URL&&(d.wp=d.wp||{},d.wp.receiveEmbedMessage||(d.wp.receiveEmbedMessage=function(e){var t=e.data;if((t||t.secret||t.message||t.value)&&!\/[^a-zA-Z0-9]\/.test(t.secret)){for(var s,r,n,a=l.querySelectorAll('iframe[data-secret=\"'+t.secret+'\"]'),o=l.querySelectorAll('blockquote[data-secret=\"'+t.secret+'\"]'),c=new RegExp(\"^https?:$\",\"i\"),i=0;i<o.length;i++)o[i].style.display=\"none\";for(i=0;i<a.length;i++)s=a[i],e.source===s.contentWindow&&(s.removeAttribute(\"style\"),\"height\"===t.message?(1e3<(r=parseInt(t.value,10))?r=1e3:~~r<200&&(r=200),s.height=r):\"link\"===t.message&&(r=new URL(s.getAttribute(\"src\")),n=new URL(t.value),c.test(n.protocol))&&n.host===r.host&&l.activeElement===s&&(d.top.location.href=t.value))}},d.addEventListener(\"message\",d.wp.receiveEmbedMessage,!1),l.addEventListener(\"DOMContentLoaded\",function(){for(var e,t,s=l.querySelectorAll(\"iframe.wp-embedded-content\"),r=0;r<s.length;r++)(t=(e=s[r]).getAttribute(\"data-secret\"))||(t=Math.random().toString(36).substring(2,12),e.src+=\"#?secret=\"+t,e.setAttribute(\"data-secret\",t)),e.contentWindow.postMessage({message:\"ready\",secret:t},\"*\")},!1)))}(window,document);\n\/* ]]> *\/\n<\/script>\n","description":"Les diff\u00e9rentes activit\u00e9s du Foyer Rural pourront reprendre leur cours \u00e0 partir de d\u00e9but septembre, dans le respect bien entendu des gestes barri\u00e8res et des r\u00e8gles de distanciation que chaque responsable d&rsquo;activit\u00e9 s&rsquo;attachera \u00e0 organiser et \u00e0 faire respecter. Compte tenu de la suspension des activit\u00e9s sur une partie de la saison 2019-2020, les cotisations &hellip; Continuer la lecture de &rarr;","thumbnail_url":"http:\/\/foyer-rural-goetzenbruck.fr\/wp\/wp-content\/uploads\/2018\/10\/LOGO-FOYER-1024x1024.jpg"}